{"id":26457,"date":"2022-03-31T17:09:40","date_gmt":"2022-03-31T15:09:40","guid":{"rendered":"https:\/\/uresim.es\/?page_id=26457"},"modified":"2024-09-18T13:51:11","modified_gmt":"2024-09-18T11:51:11","slug":"politica-de-privacidade","status":"publish","type":"page","link":"https:\/\/uresim.es\/pt-pt\/politica-de-privacidade\/","title":{"rendered":"Pol\u00edtica de Privacidade"},"content":{"rendered":"<p><a name=\"privacy\"><\/a><\/p>\n<p><strong>Pol\u00edtica de Privacidade<\/strong><\/p>\n<p><b>Respons\u00e1vel pelo tratamento de dados<\/b><\/p>\n<p><span style=\"font-weight: 400;\">Em cumprimento da legisla\u00e7\u00e3o em vigor em mat\u00e9ria de prote\u00e7\u00e3o de dados de car\u00e1ter pessoal, informa-se o utilizador de que os seus dados ser\u00e3o tratados por RAM\u00d3N BOL\u00d3S BR\u00da, NIF 19826827E, doravante designado O RESPONS\u00c1VEL.<\/span><\/p>\n<p><b>Legitima\u00e7\u00e3o<\/b><\/p>\n<p><span style=\"font-weight: 400;\">Informamos que a base jur\u00eddica para o tratamento dos seus dados \u00e9 o consentimento da pessoa em causa.<\/span><\/p>\n<p><b>Objetivo do tratamento<\/b><\/p>\n<p><b>Criar uma conta<\/b><\/p>\n<p><span style=\"font-weight: 400;\">O objetivo do tratamento \u00e9 processar o seu pedido de registo para processar as compras online na nossa loja, efetuar a gest\u00e3o contabil\u00edstica e fiscal, bem como qualquer outra gest\u00e3o relacionada com O RESPONS\u00c1VEL.<\/span><\/p>\n<p><span style=\"font-weight: 400;\">Os dados introduzidos pelo utilizador devem ser exatos, atuais, verdadeiros e ser\u00e3o processados e tratados em conformidade com a legisla\u00e7\u00e3o em vigor em mat\u00e9ria de prote\u00e7\u00e3o de dados pessoais.<\/span><\/p>\n<p><span style=\"font-weight: 400;\">Outra finalidade \u00e9 enviar-lhe comunica\u00e7\u00f5es comerciais e de cortesia relacionadas com a nossa entidade, por telefone, correio, e-mail ou meios de comunica\u00e7\u00e3o eletr\u00f3nicos equivalentes.<\/span><\/p>\n<p><span style=\"font-weight: 400;\">Se o utilizador n\u00e3o assinalar a sua aceita\u00e7\u00e3o na caixa correspondente antes de enviar o pedido de registo, n\u00e3o receber\u00e1 comunica\u00e7\u00f5es comerciais e de interesse desta entidade, sem preju\u00edzo do processamento do seu registo<\/span><b>.\u00a0<\/b><\/p>\n<p><b>Compra online<\/b><\/p>\n<p><b>Utilizador convidado<\/b><\/p>\n<p><span style=\"font-weight: 400;\">O objetivo do tratamento \u00e9 processar as suas compras online na nossa loja, efetuar a gest\u00e3o contabil\u00edstica e fiscal, bem como processar qualquer outra gest\u00e3o relacionada com O RESPONS\u00c1VEL.<\/span><\/p>\n<p><span style=\"font-weight: 400;\">Os dados introduzidos pelo utilizador devem ser exatos, atuais, verdadeiros e ser\u00e3o processados e tratados em conformidade com a legisla\u00e7\u00e3o em vigor em mat\u00e9ria de prote\u00e7\u00e3o de dados pessoais.<\/span><\/p>\n<p><span style=\"font-weight: 400;\">Outra finalidade \u00e9 enviar-lhe comunica\u00e7\u00f5es comerciais e de cortesia relacionadas com a nossa entidade, por telefone, correio, e-mail ou meios de comunica\u00e7\u00e3o eletr\u00f3nicos equivalentes.<\/span><\/p>\n<p><span style=\"font-weight: 400;\">Se o utilizador n\u00e3o assinalar a sua aceita\u00e7\u00e3o na caixa correspondente antes de enviar o pedido de registo, n\u00e3o receber\u00e1 comunica\u00e7\u00f5es comerciais e de interesse desta entidade, sem preju\u00edzo do processamento do seu registo.<\/span><\/p>\n<p><b>Contactar a nossa empresa<\/b><\/p>\n<p><span style=\"font-weight: 400;\">O objetivo do tratamento \u00e9 dar resposta ao seu pedido e permitir a gest\u00e3o da rela\u00e7\u00e3o e o contacto com o utilizador.<\/span><\/p>\n<p><span style=\"font-weight: 400;\">Outra finalidade \u00e9 enviar-lhe comunica\u00e7\u00f5es comerciais e de cortesia relacionadas com a nossa entidade, por telefone, correio, e-mail ou meios de comunica\u00e7\u00e3o eletr\u00f3nicos equivalentes.<\/span><\/p>\n<p><span style=\"font-weight: 400;\">Se o utilizador n\u00e3o assinalar a sua aceita\u00e7\u00e3o na caixa correspondente antes de enviar o pedido de contacto, n\u00e3o receber\u00e1 comunica\u00e7\u00f5es comerciais de interesse desta entidade, sem preju\u00edzo do tratamento do contacto.\u00a0<\/span><\/p>\n<p><b>Utilizadores do servi\u00e7o de newsletter<\/b><\/p>\n<p><span style=\"font-weight: 400;\">Para os utilizadores do servi\u00e7o de newsletter, o objetivo \u00e9 responder ao seu pedido de subscri\u00e7\u00e3o e enviar-lhe comunica\u00e7\u00f5es comerciais e de cortesia relacionadas com a nossa entidade, atrav\u00e9s de e-mail ou meios de comunica\u00e7\u00e3o eletr\u00f3nicos equivalente, com o consentimento dado para a subscri\u00e7\u00e3o efetuada.<\/span><\/p>\n<p><b>Transfer\u00eancia de dados<\/b><\/p>\n<p><span style=\"font-weight: 400;\">O utilizador aceita e consente o tratamento autom\u00e1tico dos mesmos por parte do RESPONS\u00c1VEL, que garante que os dados recolhidos n\u00e3o ser\u00e3o cedidos a terceiros nem utilizados para qualquer fim comercial diferente daquele para o qual foram recolhidos e que, sempre que se pretenda efetuar qualquer tipo de transfer\u00eancia de dados pessoais, ser\u00e1 solicitado o consentimento pr\u00e9vio, expresso, informado e inequ\u00edvoco dos titulares. Os dados fornecidos ser\u00e3o conservados durante o per\u00edodo de dura\u00e7\u00e3o da rela\u00e7\u00e3o comercial ou durante os anos necess\u00e1rios para cumprir as obriga\u00e7\u00f5es legais.<\/span><\/p>\n<p><b>Exatid\u00e3o e veracidade dos dados<\/b><\/p>\n<p><span style=\"font-weight: 400;\">O utilizador \u00e9 o \u00fanico respons\u00e1vel pela veracidade e corre\u00e7\u00e3o dos dados inclu\u00eddos e comunicados, exonerando O RESPONS\u00c1VEL de qualquer responsabilidade a este respeito.<\/span><\/p>\n<p><b>Medidas de seguran\u00e7a<\/b><\/p>\n<p><span style=\"font-weight: 400;\">O RESPONS\u00c1VEL pelo tratamento adotou todas as medidas t\u00e9cnicas e organizativas necess\u00e1rias para garantir a seguran\u00e7a e a integridade dos dados pessoais que trata, bem como para evitar a sua perda, altera\u00e7\u00e3o e\/ou acesso por parte de terceiros n\u00e3o autorizados.<\/span><\/p>\n<p><span style=\"font-weight: 400;\">Este website pode conter liga\u00e7\u00f5es a outros websites que podem armazenar informa\u00e7\u00f5es sobre os utilizadores. O RESPONS\u00c1VEL n\u00e3o \u00e9 respons\u00e1vel pelo tratamento das informa\u00e7\u00f5es do utilizador nem pelas condi\u00e7\u00f5es de prote\u00e7\u00e3o e confidencialidade dos dados de outros websites.<\/span><\/p>\n<p><b>Altera\u00e7\u00f5es a esta Pol\u00edtica de Privacidade<\/b><\/p>\n<p><span style=\"font-weight: 400;\">O RESPONS\u00c1VEL reserva-se o direito de modificar a sua Pol\u00edtica de Privacidade, de acordo com os seus pr\u00f3prios crit\u00e9rios, ou motivado por uma altera\u00e7\u00e3o legislativa, jurisprudencial ou doutrinal da Ag\u00eancia Espanhola de Prote\u00e7\u00e3o de Dados. Quaisquer altera\u00e7\u00f5es \u00e0 Pol\u00edtica de Privacidade ser\u00e3o publicadas, pelo menos, dez dias antes da sua data de aplica\u00e7\u00e3o efetiva. A utiliza\u00e7\u00e3o da p\u00e1gina ap\u00f3s as referidas altera\u00e7\u00f5es implicar\u00e1 a aceita\u00e7\u00e3o das mesmas.<\/span><\/p>\n<p><b>Prazo de elimina\u00e7\u00e3o dos dados<\/b><\/p>\n<p><span style=\"font-weight: 400;\">Conservar-se-\u00e3o durante o tempo necess\u00e1rio para cumprir com os objetivos para os quais foram recolhidos e para determinar as poss\u00edveis responsabilidades que possam derivar dos referidos objetivos e do tratamento dos dados.<\/span><\/p>\n<p><b>Direitos do utilizador<\/b><\/p>\n<p><span style=\"font-weight: 400;\">O utilizador \u00e9 informado de que pode exercer os seus direitos de acesso, retifica\u00e7\u00e3o, elimina\u00e7\u00e3o e, se for caso disso, oposi\u00e7\u00e3o e portabilidade dos dados, assim como a limita\u00e7\u00e3o do tratamento dos mesmos, enviando um pedido acompanhado pelo documento de identifica\u00e7\u00e3o para a morada: C\/ Concepci\u00f3n Arenal, 10 P.I. Els Mollons \u2013 La Garrofera, CP 46970 Alacu\u00e1s, Valencia. O utilizador \u00e9 tamb\u00e9m informado da possibilidade de exercer o seu direito de apresentar uma reclama\u00e7\u00e3o junto de uma autoridade de controlo competente em mat\u00e9ria da Prote\u00e7\u00e3o de Dados, atualmente a Ag\u00eancia Espanhola da Prote\u00e7\u00e3o de Dados (AEPD).<\/span><\/p>\n","protected":false},"excerpt":{"rendered":"<p>Pol\u00edtica de Privacidade Respons\u00e1vel pelo tratamento de dados Em cumprimento da legisla\u00e7\u00e3o em vigor em mat\u00e9ria de prote\u00e7\u00e3o de dados de car\u00e1ter pessoal, informa-se o utilizador de que os seus&#8230;<\/p>\n","protected":false},"author":3,"featured_media":0,"parent":0,"menu_order":0,"comment_status":"closed","ping_status":"closed","template":"","meta":{"footnotes":""},"class_list":["post-26457","page","type-page","status-publish"],"_links":{"self":[{"href":"https:\/\/uresim.es\/pt-pt\/wp-json\/wp\/v2\/pages\/26457","targetHints":{"allow":["GET"]}}],"collection":[{"href":"https:\/\/uresim.es\/pt-pt\/wp-json\/wp\/v2\/pages"}],"about":[{"href":"https:\/\/uresim.es\/pt-pt\/wp-json\/wp\/v2\/types\/page"}],"author":[{"embeddable":true,"href":"https:\/\/uresim.es\/pt-pt\/wp-json\/wp\/v2\/users\/3"}],"replies":[{"embeddable":true,"href":"https:\/\/uresim.es\/pt-pt\/wp-json\/wp\/v2\/comments?post=26457"}],"version-history":[{"count":3,"href":"https:\/\/uresim.es\/pt-pt\/wp-json\/wp\/v2\/pages\/26457\/revisions"}],"predecessor-version":[{"id":29445,"href":"https:\/\/uresim.es\/pt-pt\/wp-json\/wp\/v2\/pages\/26457\/revisions\/29445"}],"wp:attachment":[{"href":"https:\/\/uresim.es\/pt-pt\/wp-json\/wp\/v2\/media?parent=26457"}],"curies":[{"name":"wp","href":"https:\/\/api.w.org\/{rel}","templated":true}]}}